{"id":28,"date":"2011-12-10T01:06:09","date_gmt":"2011-12-10T00:06:09","guid":{"rendered":"http:\/\/albertorios.eu\/?page_id=28"},"modified":"2021-10-09T20:10:56","modified_gmt":"2021-10-09T19:10:56","slug":"docencia","status":"publish","type":"page","link":"https:\/\/albertorios.eu\/?page_id=28","title":{"rendered":"Docencia"},"content":{"rendered":"<p><span style=\"color: #000000;\">Asignaturas impartidas en diferentes universidades<\/span><\/p>\n<p><strong><span style=\"color: #000000;\">Universidad Carlos III de Madrid, 1997-2001, Cursos de Pregrado<\/span><\/strong><\/p>\n<ul>\n<li><span style=\"color: #000000;\"><em>\u00a0\u00a0\u00a0\u00a0\u00a0 Laboratorio de Electrotecnia I<\/em><\/span><\/li>\n<li><span style=\"color: #000000;\"><em>\u00a0 \u00a0 \u00a0 M\u00e1quinas El\u00e9ctricas I<\/em><\/span><\/li>\n<li><span style=\"color: #000000;\"><em>\u00a0 \u00a0 \u00a0 M\u00e1quinas El\u00e9ctricas II<\/em><\/span><\/li>\n<\/ul>\n<p><span style=\"color: #000000;\"><strong>Universidad Europea de Madrid, 2001-2014, Cursos de Pregrado<\/strong><\/span><\/p>\n<ul>\n<li><span style=\"color: #000000;\"><em>\u00a0\u00a0\u00a0\u00a0\u00a0\u00a0M\u00e1quinas El\u00e9ctricas<\/em><\/span><\/li>\n<li><span style=\"color: #000000;\"><em>\u00a0\u00a0\u00a0\u00a0\u00a0 Instalaciones El\u00e9ctricas<\/em><\/span><\/li>\n<li><span style=\"color: #000000;\"><em>\u00a0\u00a0\u00a0\u00a0\u00a0 Automatizaci\u00f3n de Procesos Industriales<\/em><\/span><\/li>\n<li><span style=\"color: #000000;\"><em>\u00a0 \u00a0 \u00a0 An\u00e1lisis de Circuitos Electr\u00f3nicos con Ordenador<\/em><\/span><\/li>\n<li><span style=\"color: #000000;\"><em>\u00a0\u00a0\u00a0\u00a0\u00a0 Control de M\u00e1quinas El\u00e9ctricas<\/em><\/span><\/li>\n<li><span style=\"color: #000000;\"><em>\u00a0\u00a0\u00a0\u00a0\u00a0 Electrotecnia General<\/em><\/span><\/li>\n<li><span style=\"color: #000000;\"><em>\u00a0\u00a0\u00a0\u00a0\u00a0 Electrotecnia e Instrumentaci\u00f3n<\/em><\/span><\/li>\n<li><span style=\"color: #000000;\"><em>\u00a0\u00a0\u00a0\u00a0\u00a0 Medidas El\u00e9ctricas<\/em><\/span><\/li>\n<li><span style=\"color: #000000;\"><em>\u00a0\u00a0\u00a0\u00a0\u00a0 Centrales y Subestaciones El\u00e9ctricas<\/em><\/span><\/li>\n<li><span style=\"color: #000000;\"><em>\u00a0\u00a0\u00a0\u00a0\u00a0 Tecnolog\u00eda El\u00e9ctrica<\/em><\/span><\/li>\n<li><span style=\"color: #000000;\"><em>\u00a0\u00a0\u00a0\u00a0\u00a0 Tecnolog\u00eda Energ\u00e9tica<\/em><\/span><\/li>\n<li><span style=\"color: #000000;\"><em>\u00a0\u00a0\u00a0\u00a0\u00a0 Energ\u00edas Renovables<\/em><\/span><\/li>\n<li><span style=\"color: #000000;\"><em>\u00a0\u00a0\u00a0\u00a0 Teor\u00eda de Circuitos<\/em><\/span><\/li>\n<li><span style=\"color: #000000;\"><em>\u00a0 \u00a0 \u00a0Electr\u00f3nica de Potencia<\/em><\/span><\/li>\n<li><span style=\"color: #000000;\"><em>\u00a0 \u00a0 \u00a0Instrumentaci\u00f3n Electr\u00f3nica<\/em><\/span><\/li>\n<li><span style=\"color: #000000;\"><em>\u00a0 \u00a0 \u00a0M\u00e1quinas Hidr\u00e1ulicas<\/em><\/span><\/li>\n<li><span style=\"color: #000000;\"><em>\u00a0 \u00a0 \u00a0Centrales Hidroel\u00e9ctricas<\/em><\/span><\/li>\n<\/ul>\n<p><span style=\"color: #000000;\"><strong>Universidad ESAN, 2010-actualidad, Cursos de Postgrado<\/strong><\/span><\/p>\n<ul>\n<li><span style=\"color: #000000;\"><em>\u00a0\u00a0\u00a0\u00a0\u00a0\u00a0<em>Impacto Ambiental\u00a0y Energ\u00edas Renovables\u00a0<\/em><\/em><\/span><\/li>\n<li><span style=\"color: #000000;\"><em>\u00a0\u00a0\u00a0\u00a0\u00a0 Dise\u00f1o y Dimensionado de Sistemas Renovables de Generaci\u00f3n El\u00e9ctrica<\/em><\/span><\/li>\n<li>\u00a0 \u00a0 \u00a0\u00a0 <span style=\"color: #000000;\"><em>Energ\u00edas Renovables y Sostenibilidad<\/em><\/span><\/li>\n<\/ul>\n<p><span style=\"color: #000000;\"><strong>Universidad Peruana de Ciencias Aplicadas, UPC, 2013-actualidad, Cursos de Pregrado<\/strong><\/span><\/p>\n<ul>\n<li><span style=\"color: #000000;\"><em>\u00a0\u00a0\u00a0\u00a0\u00a0\u00a0Gesti\u00f3n de la Energ\u00eda\u00a0<\/em><\/span><\/li>\n<li><span style=\"color: #000000;\"><em>\u00a0 \u00a0 \u00a0\u00a0Seguridad Energ\u00e9tica, Cambio Clim\u00e1tico y Sostenibilidad Energ\u00e9tica<\/em><\/span><\/li>\n<li><span style=\"color: #000000;\"><em>\u00a0 \u00a0 \u00a0 Energ\u00eda, Impacto Medioambiental\u00a0y Tecnolog\u00edas Sostenibles<\/em><\/span><\/li>\n<li><span style=\"color: #000000;\"><em>\u00a0 \u00a0 \u00a0 Ingenier\u00eda y Gesti\u00f3n Medioambiental<\/em><\/span><\/li>\n<li><span style=\"color: #000000;\"><em>\u00a0 \u00a0 \u00a0 Energ\u00edas Renovables y Producci\u00f3n Limpia<\/em><\/span><\/li>\n<\/ul>\n<p><span style=\"color: #000000;\"><strong>Universidad Nacional de Ingenier\u00eda, UNI, 2014-actualidad, Cursos de Doctorado<\/strong><\/span><\/p>\n<ul>\n<li><span style=\"color: #000000;\"><em>\u00a0 \u00a0 \u00a0\u00a0Dise\u00f1o y Dimensionado de Instalaciones E\u00f3licas<\/em><\/span><\/li>\n<li><span style=\"color: #000000;\"><em>\u00a0 \u00a0 \u00a0 Gesti\u00f3n\u00a0Ambiental:\u00a0Energ\u00eda, Ambiente y Sostenibilidad<\/em><\/span><\/li>\n<li><span style=\"color: #000000;\"><em>\u00a0 \u00a0 \u00a0\u00a0Dise\u00f1o y Dimensionado de Instalaciones Fotovoltaicas<\/em><\/span><\/li>\n<\/ul>\n<p><span style=\"color: #000000;\"><strong>Universidad Cat\u00f3lica de Cuenca, UCACUE, 2019-actualidad, Cursos de Maestr\u00eda<\/strong><\/span><\/p>\n<ul>\n<li><span style=\"color: #000000;\"><em>\u00a0 \u00a0 \u00a0\u00a0Energ\u00eda T\u00e9rmica, Tecnolog\u00eda T\u00e9rmica de Baja Temperatura y Sistemas de Energ\u00eda<\/em><\/span><\/li>\n<li><span style=\"color: #000000;\"><em>\u00a0 \u00a0 \u00a0 Sistemas de Energ\u00eda Fotovoltaica y Tecnolog\u00eda de Celdas Solares<\/em><\/span><\/li>\n<\/ul>\n<p><span style=\"color: #000000;\"><strong>Universidad T\u00e9cnica de Cotopaxi, UTC, 2020-actualidad, Cursos de Maestr\u00eda<\/strong><\/span><\/p>\n<ul>\n<li><span style=\"color: #000000;\"><em>\u00a0 \u00a0 \u00a0\u00a0Smart Grids<\/em><\/span><\/li>\n<li><span style=\"color: #000000;\"><em>\u00a0 \u00a0 \u00a0 Energ\u00edas Renovables y Smart Grids<\/em><\/span><\/li>\n<\/ul>\n<p><span style=\"color: #000000;\"><strong>Universidad Nacional de San Agust\u00edn, UNSA, 2020-actualidad, Cursos de Maestr\u00eda<\/strong><\/span><\/p>\n<ul>\n<li><span style=\"color: #000000;\"><em>\u00a0 \u00a0 \u00a0\u00a0Energ\u00eda Solar<\/em><\/span><\/li>\n<\/ul>\n<p><span style=\"color: #000000;\"><strong>Universidad T\u00e9cnica de Ambato 2016-actualidad, Cursos de Pregrado<\/strong><\/span><\/p>\n<ul>\n<li><span style=\"color: #000000;\"><em>\u00a0\u00a0\u00a0\u00a0\u00a0\u00a0Circuitos El\u00e9ctricos I<\/em><\/span><\/li>\n<li><span style=\"color: #000000;\"><em>\u00a0 \u00a0 \u00a0 Circuitos El\u00e9ctricos II<\/em><\/span><\/li>\n<li><span style=\"color: #000000;\"><em>\u00a0 \u00a0 \u00a0 Dise\u00f1o de Proyectos de Investigaci\u00f3n<\/em><\/span><\/li>\n<li>\u00a0 \u00a0 \u00a0\u00a0 <span style=\"color: #000000;\"><em>M\u00e1quinas El\u00e9ctricas<\/em><\/span><\/li>\n<li><span style=\"color: #000000;\"><em>\u00a0\u00a0\u00a0\u00a0\u00a0\u00a0Metodolog\u00eda de la Investigaci\u00f3n<\/em><\/span><\/li>\n<li><span style=\"color: #000000;\"><em>\u00a0 \u00a0 \u00a0 Estad\u00edstica y Probabilidades<\/em><\/span><\/li>\n<li><span style=\"color: #000000;\"><em>\u00a0 \u00a0 \u00a0 F\u00edsica &#8211; Nivelaci\u00f3n<\/em><\/span><\/li>\n<li>\u00a0 \u00a0 \u00a0 <span style=\"color: #000000;\"><em>An\u00e1lisis de Circuitos<\/em><\/span><\/li>\n<li>\u00a0 \u00a0 \u00a0 <span style=\"color: #000000;\"><em>Dispositivos y Medidas<\/em><\/span><\/li>\n<\/ul>\n\n\n<p><strong>Universidad T\u00e9cnica de Ambato 2019-actualidad, Cursos de Postgrado<\/strong><\/p>\n\n\n\n<ul class=\"wp-block-list\"><li><em>\u00a0\u00a0\u00a0\u00a0\u00a0\u00a0Metodolog\u00eda de la Investigaci<\/em>\u00f3n<\/li><\/ul>\n<!-- AddThis Advanced Settings generic via filter on the_content --><!-- AddThis Share Buttons generic via filter on the_content -->","protected":false},"excerpt":{"rendered":"<p>Asignaturas impartidas en diferentes universidades Universidad Carlos III de Madrid, 1997-2001, Cursos de Pregrado \u00a0\u00a0\u00a0\u00a0\u00a0 Laboratorio de Electrotecnia I \u00a0 \u00a0 \u00a0 M\u00e1quinas El\u00e9ctricas I \u00a0 \u00a0 \u00a0 M\u00e1quinas El\u00e9ctricas II Universidad Europea de Madrid, 2001-2014, Cursos de Pregrado \u00a0\u00a0\u00a0\u00a0\u00a0\u00a0M\u00e1quinas &hellip; <a href=\"https:\/\/albertorios.eu\/?page_id=28\">Sigue leyendo <span class=\"meta-nav\">&rarr;<\/span><\/a><!-- AddThis Advanced Settings generic via filter on wp_trim_excerpt --><!-- AddThis Share Buttons generic via filter on wp_trim_excerpt --><\/p>\n","protected":false},"author":1,"featured_media":0,"parent":0,"menu_order":0,"comment_status":"open","ping_status":"open","template":"","meta":{"footnotes":""},"class_list":["post-28","page","type-page","status-publish","hentry"],"_links":{"self":[{"href":"https:\/\/albertorios.eu\/index.php?rest_route=\/wp\/v2\/pages\/28","targetHints":{"allow":["GET"]}}],"collection":[{"href":"https:\/\/albertorios.eu\/index.php?rest_route=\/wp\/v2\/pages"}],"about":[{"href":"https:\/\/albertorios.eu\/index.php?rest_route=\/wp\/v2\/types\/page"}],"author":[{"embeddable":true,"href":"https:\/\/albertorios.eu\/index.php?rest_route=\/wp\/v2\/users\/1"}],"replies":[{"embeddable":true,"href":"https:\/\/albertorios.eu\/index.php?rest_route=%2Fwp%2Fv2%2Fcomments&post=28"}],"version-history":[{"count":29,"href":"https:\/\/albertorios.eu\/index.php?rest_route=\/wp\/v2\/pages\/28\/revisions"}],"predecessor-version":[{"id":3164,"href":"https:\/\/albertorios.eu\/index.php?rest_route=\/wp\/v2\/pages\/28\/revisions\/3164"}],"wp:attachment":[{"href":"https:\/\/albertorios.eu\/index.php?rest_route=%2Fwp%2Fv2%2Fmedia&parent=28"}],"curies":[{"name":"wp","href":"https:\/\/api.w.org\/{rel}","templated":true}]}}